{"id":32650,"date":"2025-09-26T23:35:14","date_gmt":"2025-09-26T23:35:14","guid":{"rendered":"https:\/\/as-schwabe.de\/produkt\/wtyczka-prosta-z-tworzywa-230-v-16-a-2pz-czarna-62222\/"},"modified":"2025-10-23T00:18:29","modified_gmt":"2025-10-23T00:18:29","slug":"wtyczka-prosta-z-tworzywa-230-v-16-a-2pz-czarna-62222","status":"publish","type":"product","link":"https:\/\/as-schwabe.de\/pl\/produkt\/wtyczka-prosta-z-tworzywa-230-v-16-a-2pz-czarna-62222\/","title":{"rendered":"Wtyczka prosta z tworzywa 230 V, 16 A, 2P+Z CZA IP20 | 62222"},"content":{"rendered":"<p>Wtyczka prosta z tworzywa 230 V, 16 A, 2P+Z w kolorze czarnym to niezawodne rozwi\u0105zanie do zastosowa\u0144 wewn\u0119trznych, przeznaczone do u\u017cytku w pomieszczeniach. Dzi\u0119ki maksymalnemu przekroju przewodu wynosz\u0105cemu 1,5 mm\u00b2, produkt zapewnia stabilne po\u0142\u0105czenie elektryczne, kt\u00f3re spe\u0142nia normy bezpiecze\u0144stwa. Klasa ochrony IP20 gwarantuje ochron\u0119 przed wnikaniem cia\u0142 sta\u0142ych, co czyni j\u0105 idealnym wyborem do instalacji w suchych warunkach. Wtyczka zosta\u0142a zaprojektowana z my\u015bl\u0105 o \u0142atwym monta\u017cu i d\u0142ugotrwa\u0142ym u\u017cytkowaniu, co przek\u0142ada si\u0119 na komfort i bezpiecze\u0144stwo u\u017cytkownika. Wybieraj\u0105c ten produkt, zyskujesz pewno\u015b\u0107 niezawodno\u015bci oraz solidno\u015bci w codziennym u\u017cytkowaniu.<\/p>","protected":false},"excerpt":{"rendered":"<div class=\"icons\" style=\"display: flex; flex-wrap: wrap; gap: 5px; align-items: center; margin-top: 10px;\"><img decoding=\"async\" src=\"https:\/\/as-schwabe.de\/wp-content\/uploads\/ikony\/znak_IP20.png\" alt=\"\" width=\"50\" height=\"50\" \/><img decoding=\"async\" src=\"https:\/\/as-schwabe.de\/wp-content\/uploads\/ikony\/znak_Z.png\" alt=\"\" width=\"50\" height=\"50\" \/><img decoding=\"async\" src=\"https:\/\/as-schwabe.de\/wp-content\/uploads\/ikony\/znak_D.png\" alt=\"\" width=\"50\" height=\"50\" \/><img loading=\"lazy\" decoding=\"async\" src=\"https:\/\/as-schwabe.de\/wp-content\/uploads\/ikony\/znak_DE.png\" alt=\"\" width=\"50\" height=\"40\" \/><\/div>\n<ul>\n<li>wtyczka z tworzywa sztucznego do zastosowa\u0144 wewn\u0119trznych <\/li>\n<li>wysokiej jako\u015bci produkty \u201eMade in Germany\u201d do u\u017cytku wewn\u0119trznego <\/li>\n<li>do pod\u0142\u0105czenia przewod\u00f3w o \u015brednicy maks. 1,5 mm2 <\/li>\n<li>IP20 <\/li>\n<li>230 V, 16 A<\/li>\n<\/ul>","protected":false},"featured_media":31644,"template":"","meta":{"inline_featured_image":false},"genre":[509],"product_cat":[523,524],"product_tag":[],"class_list":{"0":"post-32650","1":"product","2":"type-product","3":"status-publish","4":"has-post-thumbnail","6":"product_brand-as-schwabe-pl","7":"product_cat-produkty-do-samodzielnego-montazu-pl","8":"product_cat-wtyczki-i-gniazda-z-uziemieniem-pl","10":"first","11":"instock","12":"shipping-taxable","13":"product-type-simple"},"aioseo_notices":[],"_links":{"self":[{"href":"https:\/\/as-schwabe.de\/pl\/wp-json\/wp\/v2\/product\/32650","targetHints":{"allow":["GET"]}}],"collection":[{"href":"https:\/\/as-schwabe.de\/pl\/wp-json\/wp\/v2\/product"}],"about":[{"href":"https:\/\/as-schwabe.de\/pl\/wp-json\/wp\/v2\/types\/product"}],"version-history":[{"count":0,"href":"https:\/\/as-schwabe.de\/pl\/wp-json\/wp\/v2\/product\/32650\/revisions"}],"wp:featuredmedia":[{"embeddable":true,"href":"https:\/\/as-schwabe.de\/pl\/wp-json\/wp\/v2\/media\/31644"}],"wp:attachment":[{"href":"https:\/\/as-schwabe.de\/pl\/wp-json\/wp\/v2\/media?parent=32650"}],"wp:term":[{"taxonomy":"product_brand","embeddable":true,"href":"https:\/\/as-schwabe.de\/pl\/wp-json\/wp\/v2\/genre?post=32650"},{"taxonomy":"product_cat","embeddable":true,"href":"https:\/\/as-schwabe.de\/pl\/wp-json\/wp\/v2\/product_cat?post=32650"},{"taxonomy":"product_tag","embeddable":true,"href":"https:\/\/as-schwabe.de\/pl\/wp-json\/wp\/v2\/product_tag?post=32650"}],"curies":[{"name":"wp","href":"https:\/\/api.w.org\/{rel}","templated":true}]}}