{"id":30977,"date":"2025-09-26T23:04:26","date_gmt":"2025-09-26T23:04:26","guid":{"rendered":"https:\/\/as-schwabe.de\/produkt\/kabel-h07bq-f-5g15-w-krazku-400-v-16-a-pom-50-m-59442\/"},"modified":"2025-10-23T00:15:44","modified_gmt":"2025-10-23T00:15:44","slug":"kabel-h07bq-f-5g15-w-krazku-400-v-16-a-pom-50-m-59442","status":"publish","type":"product","link":"https:\/\/as-schwabe.de\/pl\/produkt\/kabel-h07bq-f-5g15-w-krazku-400-v-16-a-pom-50-m-59442\/","title":{"rendered":"Kabel 50 m H07BQ-F 5G1,5 w kr\u0105\u017cku 450\/750 V POM | 59442"},"content":{"rendered":"<p>Kabel H07BQ-F 5G1,5 w kr\u0105\u017cku o d\u0142ugo\u015bci 50 metr\u00f3w to wysokiej jako\u015bci przew\u00f3d elektroenergetyczny, przeznaczony do stosowania na zewn\u0105trz oraz w warunkach budowlanych. Dzi\u0119ki wytrzyma\u0142ej, pomara\u0144czowej izolacji, kabel charakteryzuje si\u0119 odporno\u015bci\u0105 na dzia\u0142anie promieni UV, co zapewnia jego d\u0142ugotrwa\u0142e u\u017cytkowanie na zewn\u0105trz. Przew\u00f3d o napi\u0119ciu roboczym 400 V i nat\u0119\u017ceniu pr\u0105du do 16 A idealnie sprawdzi si\u0119 w aplikacjach wymagaj\u0105cych elastyczno\u015bci oraz wysokiej odporno\u015bci mechanicznej. Jego budowa z pi\u0119cioma \u017cy\u0142ami 1,5 mm\u00b2 gwarantuje stabilne i bezpieczne zasilanie urz\u0105dze\u0144 elektrycznych na placu budowy. Wybieraj\u0105c kabel H07BQ-F, masz pewno\u015b\u0107, \u017ce korzystasz z produktu o wysokich standardach jako\u015bci, kt\u00f3ry sprosta wymaganiom profesjonalnych u\u017cytkownik\u00f3w.<\/p>","protected":false},"excerpt":{"rendered":"<div class=\"icons\" style=\"display: flex; flex-wrap: wrap; gap: 5px; align-items: center; margin-top: 10px;\"><img decoding=\"async\" src=\"https:\/\/as-schwabe.de\/wp-content\/uploads\/ikony\/znak_CE.png\" alt=\"\" width=\"50\" height=\"50\" \/><img decoding=\"async\" src=\"https:\/\/as-schwabe.de\/wp-content\/uploads\/ikony\/znak_PB.png\" alt=\"\" width=\"50\" height=\"50\" \/><img decoding=\"async\" src=\"https:\/\/as-schwabe.de\/wp-content\/uploads\/ikony\/znak_Z.png\" alt=\"\" width=\"50\" height=\"50\" \/><img loading=\"lazy\" decoding=\"async\" src=\"https:\/\/as-schwabe.de\/wp-content\/uploads\/ikony\/znak_D.png\" alt=\"\" width=\"50\" height=\"50\" \/><\/div>\n<ul>\n<li>kabel w kr\u0105\u017cku H07BQ-F <\/li>\n<li>przewody przeznaczone do najwy\u017cszych obci\u0105\u017ce\u0144 mechanicznych, idealne do zastosowa\u0144 przemys\u0142owych, takich jak pod\u0142\u0105czanie maszyn i silnik\u00f3w <\/li>\n<li>produkty wykonane w Europie, spe\u0142niaj\u0105ce rygorystyczne standardy jako\u015bci<\/li>\n<li> przewody posiadaj\u0105 dodatkow\u0105 izolacj\u0119 z gumy, poliuretanu lub PCV, a tak\u017ce pow\u0142ok\u0119 neoprenow\u0105, co zwi\u0119ksza ich odporno\u015b\u0107 na uszkodzenia mechaniczne <\/li>\n<\/ul>","protected":false},"featured_media":30447,"template":"","meta":{"inline_featured_image":false},"genre":[509],"product_cat":[507,508],"product_tag":[],"class_list":{"0":"post-30977","1":"product","2":"type-product","3":"status-publish","4":"has-post-thumbnail","6":"product_brand-as-schwabe-pl","7":"product_cat-przewody-przylaczeniowe-2-pl","8":"product_cat-kable-w-krazkach-sprzedawane-na-metry-pl","10":"first","11":"instock","12":"shipping-taxable","13":"product-type-simple"},"aioseo_notices":[],"_links":{"self":[{"href":"https:\/\/as-schwabe.de\/pl\/wp-json\/wp\/v2\/product\/30977","targetHints":{"allow":["GET"]}}],"collection":[{"href":"https:\/\/as-schwabe.de\/pl\/wp-json\/wp\/v2\/product"}],"about":[{"href":"https:\/\/as-schwabe.de\/pl\/wp-json\/wp\/v2\/types\/product"}],"version-history":[{"count":0,"href":"https:\/\/as-schwabe.de\/pl\/wp-json\/wp\/v2\/product\/30977\/revisions"}],"wp:featuredmedia":[{"embeddable":true,"href":"https:\/\/as-schwabe.de\/pl\/wp-json\/wp\/v2\/media\/30447"}],"wp:attachment":[{"href":"https:\/\/as-schwabe.de\/pl\/wp-json\/wp\/v2\/media?parent=30977"}],"wp:term":[{"taxonomy":"product_brand","embeddable":true,"href":"https:\/\/as-schwabe.de\/pl\/wp-json\/wp\/v2\/genre?post=30977"},{"taxonomy":"product_cat","embeddable":true,"href":"https:\/\/as-schwabe.de\/pl\/wp-json\/wp\/v2\/product_cat?post=30977"},{"taxonomy":"product_tag","embeddable":true,"href":"https:\/\/as-schwabe.de\/pl\/wp-json\/wp\/v2\/product_tag?post=30977"}],"curies":[{"name":"wp","href":"https:\/\/api.w.org\/{rel}","templated":true}]}}