{"id":30947,"date":"2025-09-26T23:04:09","date_gmt":"2025-09-26T23:04:09","guid":{"rendered":"https:\/\/as-schwabe.de\/produkt\/przedluzacz-z-wtyczka-euro-1-gn-h03vvh2-f-2x075-bia-5m-50151\/"},"modified":"2025-10-23T00:15:30","modified_gmt":"2025-10-23T00:15:30","slug":"przedluzacz-z-wtyczka-euro-1-gn-h03vvh2-f-2x075-bia-5m-50151","status":"publish","type":"product","link":"https:\/\/as-schwabe.de\/pl\/produkt\/przedluzacz-z-wtyczka-euro-1-gn-h03vvh2-f-2x075-bia-5m-50151\/","title":{"rendered":"Przed\u0142u\u017cacz z wtyczk\u0105 Euro 1-gniazdowy 5 m H03VVH2-F 2&#215;0,75 BIA IP20 | 50151"},"content":{"rendered":"<p>Przed\u0142u\u017cacz z wtyczk\u0105 Euro 1-gniazdowy H03VVH2-F 2&#215;0,75 m w kolorze bia\u0142ym o d\u0142ugo\u015bci 5 metr\u00f3w to idealne rozwi\u0105zanie do u\u017cytku w pomieszczeniach. Dzi\u0119ki wej\u015bciu w postaci p\u0142askiej wtyczki Euro 2P oraz wyj\u015bciu w formie gniazda p\u0142askiego Euro 2P, zapewnia \u0142atwe i wygodne pod\u0142\u0105czenie urz\u0105dze\u0144 elektrycznych. Produkt charakteryzuje si\u0119 maksymalnym napi\u0119ciem 230 V oraz obci\u0105\u017ceniem do 2,5 A, co gwarantuje bezpiecze\u0144stwo u\u017cytkowania. Oznaczenie IP20 wskazuje na przeznaczenie przed\u0142u\u017cacza wy\u0142\u0105cznie do u\u017cytku wewn\u0119trznego, co sprawia, \u017ce jest on idealny do biur, mieszka\u0144 oraz innych zamkni\u0119tych przestrzeni. Wybieraj\u0105c ten przed\u0142u\u017cacz, zyskujesz funkcjonalno\u015b\u0107 oraz pewno\u015b\u0107, \u017ce Twoje urz\u0105dzenia s\u0105 odpowiednio zasilane.<\/p>","protected":false},"excerpt":{"rendered":"<div class=\"icons\" style=\"display: flex; flex-wrap: wrap; gap: 5px; align-items: center; margin-top: 10px;\"><img decoding=\"async\" src=\"https:\/\/as-schwabe.de\/wp-content\/uploads\/ikony\/znak_CE.png\" alt=\"\" width=\"50\" height=\"50\" \/><img decoding=\"async\" src=\"https:\/\/as-schwabe.de\/wp-content\/uploads\/ikony\/znak_IP20.png\" alt=\"\" width=\"50\" height=\"50\" \/><img decoding=\"async\" src=\"https:\/\/as-schwabe.de\/wp-content\/uploads\/ikony\/znak_D.png\" alt=\"\" width=\"50\" height=\"50\" \/><\/div>\n<ul>\n<li>IP20: do u\u017cytku wewn\u0105trz pomieszcze\u0144 <\/li>\n<li>nadaj\u0105 si\u0119 do u\u017cytku w pomieszczeniach zamkni\u0119tych <\/li>\n<li>z p\u0142ask\u0105 wtyczk\u0105 EURO i gniazdem EURO <\/li>\n<li>230 V, 2,5 A<\/li>\n<\/ul>","protected":false},"featured_media":30404,"template":"","meta":{"inline_featured_image":false},"genre":[509],"product_cat":[544,567],"product_tag":[],"class_list":{"0":"post-30947","1":"product","2":"type-product","3":"status-publish","4":"has-post-thumbnail","6":"product_brand-as-schwabe-pl","7":"product_cat-przedluzacze-2-pl","8":"product_cat-do-uzytku-wewnatrz-pomieszczen-2-pl","10":"first","11":"instock","12":"shipping-taxable","13":"product-type-simple"},"aioseo_notices":[],"_links":{"self":[{"href":"https:\/\/as-schwabe.de\/pl\/wp-json\/wp\/v2\/product\/30947","targetHints":{"allow":["GET"]}}],"collection":[{"href":"https:\/\/as-schwabe.de\/pl\/wp-json\/wp\/v2\/product"}],"about":[{"href":"https:\/\/as-schwabe.de\/pl\/wp-json\/wp\/v2\/types\/product"}],"version-history":[{"count":0,"href":"https:\/\/as-schwabe.de\/pl\/wp-json\/wp\/v2\/product\/30947\/revisions"}],"wp:featuredmedia":[{"embeddable":true,"href":"https:\/\/as-schwabe.de\/pl\/wp-json\/wp\/v2\/media\/30404"}],"wp:attachment":[{"href":"https:\/\/as-schwabe.de\/pl\/wp-json\/wp\/v2\/media?parent=30947"}],"wp:term":[{"taxonomy":"product_brand","embeddable":true,"href":"https:\/\/as-schwabe.de\/pl\/wp-json\/wp\/v2\/genre?post=30947"},{"taxonomy":"product_cat","embeddable":true,"href":"https:\/\/as-schwabe.de\/pl\/wp-json\/wp\/v2\/product_cat?post=30947"},{"taxonomy":"product_tag","embeddable":true,"href":"https:\/\/as-schwabe.de\/pl\/wp-json\/wp\/v2\/product_tag?post=30947"}],"curies":[{"name":"wp","href":"https:\/\/api.w.org\/{rel}","templated":true}]}}