{"id":14139,"date":"2025-09-25T16:09:38","date_gmt":"2025-09-25T16:09:38","guid":{"rendered":"https:\/\/as-schwabe.de\/produkt\/kabel-h07rn-f-5g35-na-metry-400-v-125-a-cza-1-m-10076\/"},"modified":"2025-10-23T00:12:34","modified_gmt":"2025-10-23T00:12:34","slug":"kabel-h07rn-f-5g35-na-metry-400-v-125-a-cza-1-m-10076","status":"publish","type":"product","link":"https:\/\/as-schwabe.de\/pl\/produkt\/kabel-h07rn-f-5g35-na-metry-400-v-125-a-cza-1-m-10076\/","title":{"rendered":"Kabel 1 m H07RN-F 5G35 na metry 450\/750 V CZA | 10076"},"content":{"rendered":"<p>Kabel H07RN-F 5G35 to wysokiej jako\u015bci przew\u00f3d elektryczny przeznaczony do u\u017cytku zar\u00f3wno na zewn\u0105trz, jak i w warunkach budowlanych. Jego konstrukcja opiera si\u0119 na pi\u0119ciu \u017cy\u0142ach o przekroju 35 mm\u00b2, co zapewnia maksymalne obci\u0105\u017cenie do 125 A oraz napi\u0119cie robocze do 400 V. Wykonany z elastycznych materia\u0142\u00f3w odpornych na dzia\u0142anie czynnik\u00f3w atmosferycznych, kabel H07RN-F charakteryzuje si\u0119 wysok\u0105 odporno\u015bci\u0105 na uszkodzenia mechaniczne, co czyni go idealnym rozwi\u0105zaniem dla wymagaj\u0105cych aplikacji przemys\u0142owych. Dzi\u0119ki swojej elastyczno\u015bci oraz odporno\u015bci na przetarcia, przew\u00f3d ten jest \u0142atwy w monta\u017cu i u\u017cytkowaniu, co znacz\u0105co zwi\u0119ksza komfort pracy w trudnych warunkach. Dost\u0119pno\u015b\u0107 na metry pozwala na elastyczne dopasowanie d\u0142ugo\u015bci do indywidualnych potrzeb u\u017cytkownika.<\/p>","protected":false},"excerpt":{"rendered":"<div class=\"icons\" style=\"display: flex; flex-wrap: wrap; gap: 5px; align-items: center; margin-top: 10px;\"><img decoding=\"async\" src=\"https:\/\/as-schwabe.de\/wp-content\/uploads\/ikony\/znak_CE.png\" alt=\"\" width=\"50\" height=\"50\" \/><img decoding=\"async\" src=\"https:\/\/as-schwabe.de\/wp-content\/uploads\/ikony\/znak_PB.png\" alt=\"\" width=\"50\" height=\"50\" \/><img decoding=\"async\" src=\"https:\/\/as-schwabe.de\/wp-content\/uploads\/ikony\/znak_Z.png\" alt=\"\" width=\"50\" height=\"50\" \/><img loading=\"lazy\" decoding=\"async\" src=\"https:\/\/as-schwabe.de\/wp-content\/uploads\/ikony\/znak_D.png\" alt=\"\" width=\"50\" height=\"50\" \/><\/div>\n<ul>\n<li>kabel na metry H07RN-F <\/li>\n<li>przewody przeznaczone do najwy\u017cszych obci\u0105\u017ce\u0144 mechanicznych, idealne do zastosowa\u0144 przemys\u0142owych, takich jak pod\u0142\u0105czanie maszyn i silnik\u00f3w <\/li>\n<li>produkty wykonane w Europie, spe\u0142niaj\u0105ce rygorystyczne standardy jako\u015bci<\/li>\n<li> przewody posiadaj\u0105 dodatkow\u0105 izolacj\u0119 z gumy, poliuretanu lub PCV, a tak\u017ce pow\u0142ok\u0119 neoprenow\u0105, co zwi\u0119ksza ich odporno\u015b\u0107 na uszkodzenia mechaniczne <\/li>\n<\/ul>","protected":false},"featured_media":28851,"template":"","meta":{"inline_featured_image":false},"genre":[509],"product_cat":[507,508],"product_tag":[],"class_list":{"0":"post-14139","1":"product","2":"type-product","3":"status-publish","4":"has-post-thumbnail","6":"product_brand-as-schwabe-pl","7":"product_cat-przewody-przylaczeniowe-2-pl","8":"product_cat-kable-w-krazkach-sprzedawane-na-metry-pl","10":"first","11":"instock","12":"shipping-taxable","13":"product-type-simple"},"aioseo_notices":[],"_links":{"self":[{"href":"https:\/\/as-schwabe.de\/pl\/wp-json\/wp\/v2\/product\/14139","targetHints":{"allow":["GET"]}}],"collection":[{"href":"https:\/\/as-schwabe.de\/pl\/wp-json\/wp\/v2\/product"}],"about":[{"href":"https:\/\/as-schwabe.de\/pl\/wp-json\/wp\/v2\/types\/product"}],"version-history":[{"count":0,"href":"https:\/\/as-schwabe.de\/pl\/wp-json\/wp\/v2\/product\/14139\/revisions"}],"wp:featuredmedia":[{"embeddable":true,"href":"https:\/\/as-schwabe.de\/pl\/wp-json\/wp\/v2\/media\/28851"}],"wp:attachment":[{"href":"https:\/\/as-schwabe.de\/pl\/wp-json\/wp\/v2\/media?parent=14139"}],"wp:term":[{"taxonomy":"product_brand","embeddable":true,"href":"https:\/\/as-schwabe.de\/pl\/wp-json\/wp\/v2\/genre?post=14139"},{"taxonomy":"product_cat","embeddable":true,"href":"https:\/\/as-schwabe.de\/pl\/wp-json\/wp\/v2\/product_cat?post=14139"},{"taxonomy":"product_tag","embeddable":true,"href":"https:\/\/as-schwabe.de\/pl\/wp-json\/wp\/v2\/product_tag?post=14139"}],"curies":[{"name":"wp","href":"https:\/\/api.w.org\/{rel}","templated":true}]}}