{"id":14119,"date":"2025-09-25T16:09:22","date_gmt":"2025-09-25T16:09:22","guid":{"rendered":"https:\/\/as-schwabe.de\/produkt\/kabel-h07bq-f-5g25-na-metry-400-v-16-a-pom-1-m-10051\/"},"modified":"2025-10-23T00:12:29","modified_gmt":"2025-10-23T00:12:29","slug":"kabel-h07bq-f-5g25-na-metry-400-v-16-a-pom-1-m-10051","status":"publish","type":"product","link":"https:\/\/as-schwabe.de\/pl\/produkt\/kabel-h07bq-f-5g25-na-metry-400-v-16-a-pom-1-m-10051\/","title":{"rendered":"Kabel 1 m H07BQ-F 5G2,5 na metry 450\/750 V POM | 10051"},"content":{"rendered":"<p>Kabel H07BQ-F 5G2,5 to wysokiej jako\u015bci przew\u00f3d, zaprojektowany z my\u015bl\u0105 o zastosowaniach zewn\u0119trznych oraz budowlanych. Posiada pi\u0119\u0107 \u017cy\u0142 o przekroju 2,5 mm\u00b2, co zapewnia maksymalne obci\u0105\u017cenie do 16 A oraz napi\u0119cie robocze wynosz\u0105ce 400 V. Jego pomara\u0144czowa izolacja gwarantuje nie tylko dobr\u0105 widoczno\u015b\u0107, ale tak\u017ce zwi\u0119kszon\u0105 odporno\u015b\u0107 na dzia\u0142anie warunk\u00f3w atmosferycznych oraz uszkodzenia mechaniczne. Dzi\u0119ki elastycznej konstrukcji kabel doskonale sprawdza si\u0119 w trudnych warunkach pracy, zapewniaj\u0105c niezawodne po\u0142\u0105czenia elektryczne w ka\u017cdych okoliczno\u015bciach. Wybieraj\u0105c kabel H07BQ-F, zyskujesz solidno\u015b\u0107, bezpiecze\u0144stwo oraz wygod\u0119 u\u017cytkowania na budowie i w zastosowaniach zewn\u0119trznych.<\/p>","protected":false},"excerpt":{"rendered":"<div class=\"icons\" style=\"display: flex; flex-wrap: wrap; gap: 5px; align-items: center; margin-top: 10px;\"><img decoding=\"async\" src=\"https:\/\/as-schwabe.de\/wp-content\/uploads\/ikony\/znak_CE.png\" alt=\"\" width=\"50\" height=\"50\" \/><img decoding=\"async\" src=\"https:\/\/as-schwabe.de\/wp-content\/uploads\/ikony\/znak_PB.png\" alt=\"\" width=\"50\" height=\"50\" \/><img decoding=\"async\" src=\"https:\/\/as-schwabe.de\/wp-content\/uploads\/ikony\/znak_Z.png\" alt=\"\" width=\"50\" height=\"50\" \/><img loading=\"lazy\" decoding=\"async\" src=\"https:\/\/as-schwabe.de\/wp-content\/uploads\/ikony\/znak_D.png\" alt=\"\" width=\"50\" height=\"50\" \/><\/div>\n<ul>\n<li>kabel na metry H07BQ-F <\/li>\n<li>przewody przeznaczone do najwy\u017cszych obci\u0105\u017ce\u0144 mechanicznych, idealne do zastosowa\u0144 przemys\u0142owych, takich jak pod\u0142\u0105czanie maszyn i silnik\u00f3w <\/li>\n<li>produkty wykonane w Europie, spe\u0142niaj\u0105ce rygorystyczne standardy jako\u015bci<\/li>\n<li> przewody posiadaj\u0105 dodatkow\u0105 izolacj\u0119 z gumy, poliuretanu lub PCV, a tak\u017ce pow\u0142ok\u0119 neoprenow\u0105, co zwi\u0119ksza ich odporno\u015b\u0107 na uszkodzenia mechaniczne <\/li>\n<\/ul>","protected":false},"featured_media":28839,"template":"","meta":{"inline_featured_image":false},"genre":[509],"product_cat":[507,508],"product_tag":[],"class_list":{"0":"post-14119","1":"product","2":"type-product","3":"status-publish","4":"has-post-thumbnail","6":"product_brand-as-schwabe-pl","7":"product_cat-przewody-przylaczeniowe-2-pl","8":"product_cat-kable-w-krazkach-sprzedawane-na-metry-pl","10":"first","11":"instock","12":"shipping-taxable","13":"product-type-simple"},"aioseo_notices":[],"_links":{"self":[{"href":"https:\/\/as-schwabe.de\/pl\/wp-json\/wp\/v2\/product\/14119","targetHints":{"allow":["GET"]}}],"collection":[{"href":"https:\/\/as-schwabe.de\/pl\/wp-json\/wp\/v2\/product"}],"about":[{"href":"https:\/\/as-schwabe.de\/pl\/wp-json\/wp\/v2\/types\/product"}],"version-history":[{"count":0,"href":"https:\/\/as-schwabe.de\/pl\/wp-json\/wp\/v2\/product\/14119\/revisions"}],"wp:featuredmedia":[{"embeddable":true,"href":"https:\/\/as-schwabe.de\/pl\/wp-json\/wp\/v2\/media\/28839"}],"wp:attachment":[{"href":"https:\/\/as-schwabe.de\/pl\/wp-json\/wp\/v2\/media?parent=14119"}],"wp:term":[{"taxonomy":"product_brand","embeddable":true,"href":"https:\/\/as-schwabe.de\/pl\/wp-json\/wp\/v2\/genre?post=14119"},{"taxonomy":"product_cat","embeddable":true,"href":"https:\/\/as-schwabe.de\/pl\/wp-json\/wp\/v2\/product_cat?post=14119"},{"taxonomy":"product_tag","embeddable":true,"href":"https:\/\/as-schwabe.de\/pl\/wp-json\/wp\/v2\/product_tag?post=14119"}],"curies":[{"name":"wp","href":"https:\/\/api.w.org\/{rel}","templated":true}]}}