{"id":14111,"date":"2025-09-25T16:09:18","date_gmt":"2025-09-25T16:09:18","guid":{"rendered":"https:\/\/as-schwabe.de\/produkt\/kabel-h07bq-f-3g25-na-metry-230-v-16-a-pom-1-m-10046\/"},"modified":"2025-10-23T00:12:28","modified_gmt":"2025-10-23T00:12:28","slug":"kabel-h07bq-f-3g25-na-metry-230-v-16-a-pom-1-m-10046","status":"publish","type":"product","link":"https:\/\/as-schwabe.de\/pl\/produkt\/kabel-h07bq-f-3g25-na-metry-230-v-16-a-pom-1-m-10046\/","title":{"rendered":"Kabel 1 m H07BQ-F 3G2,5 na metry 450\/750 V POM | 10046"},"content":{"rendered":"<p>Kabel H07BQ-F 3G2,5 jest elastycznym przewodem, kt\u00f3ry idealnie sprawdzi si\u0119 w zastosowaniach zewn\u0119trznych oraz na budowach. Oferuje nominalne napi\u0119cie 230 V oraz pr\u0105d znamionowy do 16 A, co czyni go doskona\u0142ym rozwi\u0105zaniem do zasilania narz\u0119dzi elektrycznych oraz sprz\u0119tu budowlanego. Wykonany z wysokiej jako\u015bci materia\u0142\u00f3w odpornych na dzia\u0142anie warunk\u00f3w atmosferycznych, jego pomara\u0144czowy kolor zapewnia dobr\u0105 widoczno\u015b\u0107, co zwi\u0119ksza bezpiecze\u0144stwo pracy. Kabel dost\u0119pny jest na metry, co pozwala na elastyczne dopasowanie d\u0142ugo\u015bci do indywidualnych potrzeb u\u017cytkownika. Dzi\u0119ki swoim w\u0142a\u015bciwo\u015bciom, H07BQ-F 3G2,5 jest niezawodnym wyborem dla profesjonalist\u00f3w w bran\u017cy budowlanej i elektrycznej.<\/p>","protected":false},"excerpt":{"rendered":"<div class=\"icons\" style=\"display: flex; flex-wrap: wrap; gap: 5px; align-items: center; margin-top: 10px;\"><img decoding=\"async\" src=\"https:\/\/as-schwabe.de\/wp-content\/uploads\/ikony\/znak_CE.png\" alt=\"\" width=\"50\" height=\"50\" \/><img decoding=\"async\" src=\"https:\/\/as-schwabe.de\/wp-content\/uploads\/ikony\/znak_PB.png\" alt=\"\" width=\"50\" height=\"50\" \/><img decoding=\"async\" src=\"https:\/\/as-schwabe.de\/wp-content\/uploads\/ikony\/znak_Z.png\" alt=\"\" width=\"50\" height=\"50\" \/><img loading=\"lazy\" decoding=\"async\" src=\"https:\/\/as-schwabe.de\/wp-content\/uploads\/ikony\/znak_D.png\" alt=\"\" width=\"50\" height=\"50\" \/><\/div>\n<ul>\n<li>kabel na metry H07BQ-F <\/li>\n<li>przewody przeznaczone do najwy\u017cszych obci\u0105\u017ce\u0144 mechanicznych, idealne do zastosowa\u0144 przemys\u0142owych, takich jak pod\u0142\u0105czanie maszyn i silnik\u00f3w <\/li>\n<li>produkty wykonane w Europie, spe\u0142niaj\u0105ce rygorystyczne standardy jako\u015bci<\/li>\n<li> przewody posiadaj\u0105 dodatkow\u0105 izolacj\u0119 z gumy, poliuretanu lub PCV, a tak\u017ce pow\u0142ok\u0119 neoprenow\u0105, co zwi\u0119ksza ich odporno\u015b\u0107 na uszkodzenia mechaniczne <\/li>\n<\/ul>","protected":false},"featured_media":28835,"template":"","meta":{"inline_featured_image":false},"genre":[509],"product_cat":[507,508],"product_tag":[],"class_list":{"0":"post-14111","1":"product","2":"type-product","3":"status-publish","4":"has-post-thumbnail","6":"product_brand-as-schwabe-pl","7":"product_cat-przewody-przylaczeniowe-2-pl","8":"product_cat-kable-w-krazkach-sprzedawane-na-metry-pl","10":"first","11":"instock","12":"shipping-taxable","13":"product-type-simple"},"aioseo_notices":[],"_links":{"self":[{"href":"https:\/\/as-schwabe.de\/pl\/wp-json\/wp\/v2\/product\/14111","targetHints":{"allow":["GET"]}}],"collection":[{"href":"https:\/\/as-schwabe.de\/pl\/wp-json\/wp\/v2\/product"}],"about":[{"href":"https:\/\/as-schwabe.de\/pl\/wp-json\/wp\/v2\/types\/product"}],"version-history":[{"count":0,"href":"https:\/\/as-schwabe.de\/pl\/wp-json\/wp\/v2\/product\/14111\/revisions"}],"wp:featuredmedia":[{"embeddable":true,"href":"https:\/\/as-schwabe.de\/pl\/wp-json\/wp\/v2\/media\/28835"}],"wp:attachment":[{"href":"https:\/\/as-schwabe.de\/pl\/wp-json\/wp\/v2\/media?parent=14111"}],"wp:term":[{"taxonomy":"product_brand","embeddable":true,"href":"https:\/\/as-schwabe.de\/pl\/wp-json\/wp\/v2\/genre?post=14111"},{"taxonomy":"product_cat","embeddable":true,"href":"https:\/\/as-schwabe.de\/pl\/wp-json\/wp\/v2\/product_cat?post=14111"},{"taxonomy":"product_tag","embeddable":true,"href":"https:\/\/as-schwabe.de\/pl\/wp-json\/wp\/v2\/product_tag?post=14111"}],"curies":[{"name":"wp","href":"https:\/\/api.w.org\/{rel}","templated":true}]}}