{"id":14099,"date":"2025-09-25T16:09:11","date_gmt":"2025-09-25T16:09:11","guid":{"rendered":"https:\/\/as-schwabe.de\/produkt\/kabel-n07v3v3-f-3g25-na-metry-230-v-16-a-zol-1-m-10039\/"},"modified":"2025-10-23T00:12:25","modified_gmt":"2025-10-23T00:12:25","slug":"kabel-n07v3v3-f-3g25-na-metry-230-v-16-a-zol-1-m-10039","status":"publish","type":"product","link":"https:\/\/as-schwabe.de\/pl\/produkt\/kabel-n07v3v3-f-3g25-na-metry-230-v-16-a-zol-1-m-10039\/","title":{"rendered":"Kabel 1 m AT-N07V3V3-F 3G2,5 na metry 450\/750 V \u017b\u00d3\u0141 | 10039"},"content":{"rendered":"<p>Kabel AT-N07V3V3-F 3G2,5 to wysokiej jako\u015bci przew\u00f3d elektryczny, przeznaczony do zastosowa\u0144 w instalacjach domowych oraz przemys\u0142owych, gdzie wymagana jest niezawodno\u015b\u0107 i bezpiecze\u0144stwo. Posiada trzy \u017cy\u0142y o przekroju 2,5 mm\u00b2, co pozwala na przesy\u0142anie pr\u0105du o nat\u0119\u017ceniu do 16 A przy napi\u0119ciu 230 V. Jego \u017c\u00f3\u0142ta izolacja nie tylko wyr\u00f3\u017cnia si\u0119 estetycznie, ale tak\u017ce zapewnia dobr\u0105 widoczno\u015b\u0107 oraz dodatkow\u0105 ochron\u0119 przed uszkodzeniami mechanicznymi. Kabel dost\u0119pny jest na metry, co umo\u017cliwia dowolne dopasowanie d\u0142ugo\u015bci do indywidualnych potrzeb u\u017cytkownika. Dzi\u0119ki swojej elastyczno\u015bci i odporno\u015bci na dzia\u0142anie czynnik\u00f3w atmosferycznych, jest idealnym rozwi\u0105zaniem do aplikacji zar\u00f3wno wewn\u0119trznych, jak i zewn\u0119trznych.<\/p>","protected":false},"excerpt":{"rendered":"<div class=\"icons\" style=\"display: flex; flex-wrap: wrap; gap: 5px; align-items: center; margin-top: 10px;\"><img decoding=\"async\" src=\"https:\/\/as-schwabe.de\/wp-content\/uploads\/ikony\/znak_CE.png\" alt=\"\" width=\"50\" height=\"50\" \/><img decoding=\"async\" src=\"https:\/\/as-schwabe.de\/wp-content\/uploads\/ikony\/znak_PB.png\" alt=\"\" width=\"50\" height=\"50\" \/><img decoding=\"async\" src=\"https:\/\/as-schwabe.de\/wp-content\/uploads\/ikony\/znak_Z.png\" alt=\"\" width=\"50\" height=\"50\" \/><img loading=\"lazy\" decoding=\"async\" src=\"https:\/\/as-schwabe.de\/wp-content\/uploads\/ikony\/znak_D.png\" alt=\"\" width=\"50\" height=\"50\" \/><\/div>\n<ul>\n<li>kabel na metry AT-N07V3V3-F <\/li>\n<li>przewody przeznaczone do najwy\u017cszych obci\u0105\u017ce\u0144 mechanicznych, idealne do zastosowa\u0144 przemys\u0142owych, takich jak pod\u0142\u0105czanie maszyn i silnik\u00f3w <\/li>\n<li>produkty wykonane w Europie, spe\u0142niaj\u0105ce rygorystyczne standardy jako\u015bci<\/li>\n<li> przewody posiadaj\u0105 dodatkow\u0105 izolacj\u0119 z gumy, poliuretanu lub PCV, a tak\u017ce pow\u0142ok\u0119 neoprenow\u0105, co zwi\u0119ksza ich odporno\u015b\u0107 na uszkodzenia mechaniczne <\/li>\n<\/ul>","protected":false},"featured_media":28829,"template":"","meta":{"inline_featured_image":false},"genre":[509],"product_cat":[507,508],"product_tag":[],"class_list":{"0":"post-14099","1":"product","2":"type-product","3":"status-publish","4":"has-post-thumbnail","6":"product_brand-as-schwabe-pl","7":"product_cat-przewody-przylaczeniowe-2-pl","8":"product_cat-kable-w-krazkach-sprzedawane-na-metry-pl","10":"first","11":"instock","12":"shipping-taxable","13":"product-type-simple"},"aioseo_notices":[],"_links":{"self":[{"href":"https:\/\/as-schwabe.de\/pl\/wp-json\/wp\/v2\/product\/14099","targetHints":{"allow":["GET"]}}],"collection":[{"href":"https:\/\/as-schwabe.de\/pl\/wp-json\/wp\/v2\/product"}],"about":[{"href":"https:\/\/as-schwabe.de\/pl\/wp-json\/wp\/v2\/types\/product"}],"version-history":[{"count":0,"href":"https:\/\/as-schwabe.de\/pl\/wp-json\/wp\/v2\/product\/14099\/revisions"}],"wp:featuredmedia":[{"embeddable":true,"href":"https:\/\/as-schwabe.de\/pl\/wp-json\/wp\/v2\/media\/28829"}],"wp:attachment":[{"href":"https:\/\/as-schwabe.de\/pl\/wp-json\/wp\/v2\/media?parent=14099"}],"wp:term":[{"taxonomy":"product_brand","embeddable":true,"href":"https:\/\/as-schwabe.de\/pl\/wp-json\/wp\/v2\/genre?post=14099"},{"taxonomy":"product_cat","embeddable":true,"href":"https:\/\/as-schwabe.de\/pl\/wp-json\/wp\/v2\/product_cat?post=14099"},{"taxonomy":"product_tag","embeddable":true,"href":"https:\/\/as-schwabe.de\/pl\/wp-json\/wp\/v2\/product_tag?post=14099"}],"curies":[{"name":"wp","href":"https:\/\/api.w.org\/{rel}","templated":true}]}}