{"id":3523,"date":"2024-12-18T16:04:26","date_gmt":"2024-12-18T16:04:26","guid":{"rendered":"https:\/\/as2025.as-schwabe.de\/?page_id=3523"},"modified":"2025-01-21T12:20:02","modified_gmt":"2025-01-21T12:20:02","slug":"obszary-zastosowan","status":"publish","type":"page","link":"https:\/\/as-schwabe.de\/pl\/usluga\/obszary-zastosowan\/","title":{"rendered":"Obszary zastosowa\u0144"},"content":{"rendered":"<div data-elementor-type=\"wp-page\" data-elementor-id=\"3523\" class=\"elementor elementor-3523\" data-elementor-post-type=\"page\">\n\t\t\t\t\t\t<div class=\"elementor-element elementor-element-73f8900 e-flex e-con-boxed e-con e-parent\" data-id=\"73f8900\" data-element_type=\"container\">\r\n\t\t\t\t\t<div class=\"e-con-inner\">\r\n\t\t\t\t\t<div class=\"elementor-element elementor-element-84fccd0 elementor-widget elementor-widget-heading\" data-id=\"84fccd0\" data-element_type=\"widget\" data-widget_type=\"heading.default\">\n\t\t\t\t\t<h1 class=\"elementor-heading-title elementor-size-default\">Obszary zastosowania naszych produkt\u00f3w<\/h1>\t\t\t\t<\/div>\n\t\t\t\t<div class=\"elementor-element elementor-element-260dbca elementor-widget elementor-widget-text-editor\" data-id=\"260dbca\" data-element_type=\"widget\" data-widget_type=\"text-editor.default\">\n\t\t\t\t\t\t\t\t\t<p><span style=\"font-size: 16px;\">Mo\u017cesz pos\u0142u\u017cy\u0107 si\u0119 poni\u017cszym oznakowaniem, aby okre\u015bli\u0107, kt\u00f3ry produkt jest odpowiedni dla danego obszaru zastosowania. Dokonali\u015bmy podzia\u0142u na trzy obszary u\u017cytkowania: zastosowanie w pomieszczeniach, zastosowanie na zewn\u0105trz oraz zastosowanie na placu budowy. Produkty przeznaczone do wymagaj\u0105cych zastosowa\u0144 na placu budowy mog\u0105 by\u0107 z powodzeniem wykorzystywane zar\u00f3wno na zewn\u0105trz, jak i wewn\u0105trz pomieszcze\u0144. Kolorowy system oznacze\u0144 precyzyjnie wskazuje, kt\u00f3ry produkt nadaje si\u0119 do konkretnego obszaru zastosowania. Dzi\u0119ki temu zawsze wiesz, na przyk\u0142ad, kt\u00f3ry przed\u0142u\u017cacz b\u0119bnowy najlepiej sprawdzi si\u0119 w danym miejscu, i unikniesz przykrych niespodzianek.<\/span><\/p>\n<p><span style=\"font-size: 16px;\">A je\u015bli nadal masz pytania \u2013 ch\u0119tnie s\u0142u\u017cymy pomoc\u0105!<\/span><\/p>\t\t\t\t\t\t\t\t<\/div>\n\t\t\t\t<div class=\"elementor-element elementor-element-7114a38 elementor-widget elementor-widget-spacer\" data-id=\"7114a38\" data-element_type=\"widget\" data-widget_type=\"spacer.default\">\n\t\t\t\t\t\t\t<div class=\"elementor-spacer\">\n\t\t\t<div class=\"elementor-spacer-inner\"><\/div>\n\t\t<\/div>\n\t\t\t\t\t\t<\/div>\n\t\t\t\t<div class=\"elementor-element elementor-element-f3bba04 elementor-widget elementor-widget-heading\" data-id=\"f3bba04\" data-element_type=\"widget\" data-widget_type=\"heading.default\">\n\t\t\t\t\t<h2 class=\"elementor-heading-title elementor-size-default\">Do stosowania na budowach<\/h2>\t\t\t\t<\/div>\n\t\t\t\t<div class=\"elementor-element elementor-element-3029aa9 elementor-widget elementor-widget-text-editor\" data-id=\"3029aa9\" data-element_type=\"widget\" data-widget_type=\"text-editor.default\">\n\t\t\t\t\t\t\t\t\t<div class=\"ce-content\"><figure class=\"image float-left\"><img decoding=\"async\" class=\"alignnone wp-image-3733\" src=\"\/wp-content\/uploads\/2025\/01\/Icon_Baustelle_2021.png\" alt=\"\" width=\"100\" height=\"100\" \/><\/figure><div class=\"ce-bodytext translation-block\"><strong>IP44 do zastosowa\u0144 przemys\u0142owo-budowlanych:<\/strong> Opr\u00f3cz ochrony przed <strong>cia\u0142ami obcymi wi\u0119kszymi ni\u017c 1 mm i zabezpieczenia przed bryzgami wody<\/strong>, stawiane s\u0105 dodatkowe, szczeg\u00f3lne wymagania dotycz\u0105ce u\u017cywanych materia\u0142\u00f3w, z kt\u00f3rych s\u0105 zbudowane produkty. Produkty stosowane na budowach musz\u0105 by\u0107 szczeg\u00f3lnie odporne na uderzenia i z\u0142amania. Ponadto zgodnie z informacjami <strong>DGUV 203-006\/BGI 608<\/strong>, dopuszczone s\u0105 wy\u0142\u0105cznie kable elektryczne z grupy <strong>H07RN-F<\/strong> lub <strong>H07BQ-F<\/strong>. Kable <strong>H05RN-F<\/strong> lub <strong>H05BQ-F<\/strong> s\u0105 r\u00f3wnie\u017c dopuszczone w przypadku kabli o d\u0142ugo\u015bci do 5 m (np. do o\u015bwietlenia).<\/div><\/div>\t\t\t\t\t\t\t\t<\/div>\n\t\t\t\t<div class=\"elementor-element elementor-element-d9e79ec elementor-widget elementor-widget-spacer\" data-id=\"d9e79ec\" data-element_type=\"widget\" data-widget_type=\"spacer.default\">\n\t\t\t\t\t\t\t<div class=\"elementor-spacer\">\n\t\t\t<div class=\"elementor-spacer-inner\"><\/div>\n\t\t<\/div>\n\t\t\t\t\t\t<\/div>\n\t\t\t\t<div class=\"elementor-element elementor-element-a4119f8 elementor-widget elementor-widget-heading\" data-id=\"a4119f8\" data-element_type=\"widget\" data-widget_type=\"heading.default\">\n\t\t\t\t\t<h2 class=\"elementor-heading-title elementor-size-default\">Do u\u017cytku na zewn\u0105trz np. w ogrodzie<\/h2>\t\t\t\t<\/div>\n\t\t\t\t<div class=\"elementor-element elementor-element-adc3dd8 elementor-widget elementor-widget-text-editor\" data-id=\"adc3dd8\" data-element_type=\"widget\" data-widget_type=\"text-editor.default\">\n\t\t\t\t\t\t\t\t\t<div class=\"ce-content\"><figure class=\"image float-left\"><img decoding=\"async\" class=\"alignnone wp-image-3733\" src=\"\/wp-content\/uploads\/2025\/01\/Icon_Ausenbereich_2021.png\" alt=\"\" width=\"100\" height=\"100\" data-wp-editing=\"1\" \/><\/figure><div class=\"ce-bodytext translation-block\"><strong>IP44 do u\u017cytku na zewn\u0105trz:<\/strong> Do u\u017cytku na zewn\u0105trz zaleca si\u0119 stosowanie produkt\u00f3w o stopniu ochrony <strong>IP44<\/strong> lub wy\u017cszym. Pierwsza cyfra 4 oznacza, \u017ce produkt jest <strong>chroniony przed wnikaniem cia\u0142 obcych<\/strong> o \u015brednicy wi\u0119kszej ni\u017c 1 mm. Druga cyfra 4 oznacza, \u017ce produkt jest wystarczaj\u0105co szczelny i dzi\u0119ki temu <strong>chroniony przed bryzgami wody ze wszystkich stron<\/strong>. Produkty o stopniu ochrony <strong>IP44<\/strong> do u\u017cytku na zewn\u0105trz s\u0105 z regu\u0142y tej samej jako\u015bci,\nco produkty do stosowania na placach budowy. Jednak\u017ce dla zastosowa\u0144 na placach\nbudowy obowi\u0105zuj\u0105 specyficzne normy i wytyczne, kt\u00f3rych nie spe\u0142niaj\u0105 wszystkie\nprodukty o stopniu ochrony <strong>\u201eIP44 do u\u017cytku zewn\u0119trznego\u201d<\/strong>.<\/div><\/div>\t\t\t\t\t\t\t\t<\/div>\n\t\t\t\t<div class=\"elementor-element elementor-element-f6a7bc0 elementor-widget elementor-widget-spacer\" data-id=\"f6a7bc0\" data-element_type=\"widget\" data-widget_type=\"spacer.default\">\n\t\t\t\t\t\t\t<div class=\"elementor-spacer\">\n\t\t\t<div class=\"elementor-spacer-inner\"><\/div>\n\t\t<\/div>\n\t\t\t\t\t\t<\/div>\n\t\t\t\t<div class=\"elementor-element elementor-element-9ffef4c elementor-widget elementor-widget-heading\" data-id=\"9ffef4c\" data-element_type=\"widget\" data-widget_type=\"heading.default\">\n\t\t\t\t\t<h2 class=\"elementor-heading-title elementor-size-default\">Do u\u017cytku wewn\u0105trz pomieszcze\u0144<\/h2>\t\t\t\t<\/div>\n\t\t\t\t<div class=\"elementor-element elementor-element-2ef09cd elementor-widget elementor-widget-text-editor\" data-id=\"2ef09cd\" data-element_type=\"widget\" data-widget_type=\"text-editor.default\">\n\t\t\t\t\t\t\t\t\t<div class=\"ce-content\"><figure class=\"image float-left\"><img decoding=\"async\" class=\"alignnone wp-image-3733\" src=\"\/wp-content\/uploads\/2025\/01\/Icon_Innenbereich_2021-1.png\" alt=\"\" width=\"100\" height=\"100\" data-wp-editing=\"1\" \/><\/figure><div class=\"ce-bodytext\"><strong>IP20 w pomieszczeniach zamkni\u0119tych:<\/strong>\u00a0Stopie\u0144 ochrony IP20 oznacza, \u017ce produkt\u00a0<strong>nie jest chroniony przed wnikaniem wody,<\/strong>\u00a0ale jest\u00a0<strong>chroniony przed cia\u0142ami sta\u0142ymi<\/strong>\u00a0o \u015brednicy wi\u0119kszej ni\u017c 12,5 mm. Produkt taki nale\u017cy montowa\u0107 i u\u017cytkowa\u0107 wy\u0142\u0105cznie\nw miejscach absolutnie suchych, np.\u00a0<strong>w suchych pomieszczeniach<\/strong>\u00a0wewn\u0105trz.<\/div><\/div>\t\t\t\t\t\t\t\t<\/div>\n\t\t\t\t<div class=\"elementor-element elementor-element-3e966fd elementor-widget elementor-widget-spacer\" data-id=\"3e966fd\" data-element_type=\"widget\" data-widget_type=\"spacer.default\">\n\t\t\t\t\t\t\t<div class=\"elementor-spacer\">\n\t\t\t<div class=\"elementor-spacer-inner\"><\/div>\n\t\t<\/div>\n\t\t\t\t\t\t<\/div>\n\t\t\t\t<div class=\"elementor-element elementor-element-07a3d5b elementor-widget elementor-widget-heading\" data-id=\"07a3d5b\" data-element_type=\"widget\" data-widget_type=\"heading.default\">\n\t\t\t\t\t<h2 class=\"elementor-heading-title elementor-size-default\">Do u\u017cytku na zewn\u0105trz np. w ogrodzie<\/h2>\t\t\t\t<\/div>\n\t\t\t\t<div class=\"elementor-element elementor-element-5c76d97 elementor-widget elementor-widget-text-editor\" data-id=\"5c76d97\" data-element_type=\"widget\" data-widget_type=\"text-editor.default\">\n\t\t\t\t\t\t\t\t\t<div class=\"ce-content\">\n<figure class=\"image float-left\"><img loading=\"lazy\" decoding=\"async\" class=\"alignnone wp-image-3733\" src=\"\/wp-content\/uploads\/2025\/01\/Icon_Garten.png\" alt=\"\" width=\"100\" height=\"100\" data-wp-editing=\"1\" \/><\/figure>\n<div class=\"ce-bodytext translation-block\">Niekt\u00f3re produkty zosta\u0142y specjalnie przygotowane do u\u017cycia w ogrodzie. Mo\u017ce to by\u0107 na przyk\u0142ad <strong>czerwony kabel<\/strong> w przed\u0142u\u017caczu <strong>do kosiarki<\/strong> lub specjalny <strong>b\u0119ben na w\u0105\u017c do podlewania<\/strong>. Produkty te mo\u017cna rozpozna\u0107 po naszym zielonym symbolu. Zasadniczo mo\u017cesz oczywi\u015bcie u\u017cywa\u0107 wszystkich naszych produkt\u00f3w przeznaczonych na zewn\u0105trz i na plac budowy r\u00f3wnie\u017c w swoim ogrodzie.<\/div>\n<\/div>\t\t\t\t\t\t\t\t<\/div>\n\t\t\t\t\t<\/div>\n\t\t\t\t<\/div>\n\t\t\t\t<\/div>","protected":false},"excerpt":{"rendered":"<p>Obszary zastosowania naszych produkt\u00f3w Poni\u017csze etykiety pomagaj\u0105 okre\u015bli\u0107, kt\u00f3ry produkt jest odpowiedni do danego obszaru zastosowania. Rozr\u00f3\u017cniamy trzy obszary: u\u017cytkowanie w pomieszczeniach, u\u017cytkowanie na zewn\u0105trz i u\u017cytkowanie w ci\u0119\u017ckich warunkach na placach budowy. Produkty, kt\u00f3re nadaj\u0105 si\u0119 do intensywnego u\u017cytkowania na placach budowy, mog\u0105 by\u0107 automatycznie u\u017cywane zar\u00f3wno wewn\u0105trz, jak i na zewn\u0105trz. Kolorowe [...]<\/p>","protected":false},"author":1,"featured_media":0,"parent":3511,"menu_order":0,"comment_status":"closed","ping_status":"closed","template":"","meta":{"inline_featured_image":false,"footnotes":""},"class_list":["post-3523","page","type-page","status-publish","hentry"],"aioseo_notices":[],"_links":{"self":[{"href":"https:\/\/as-schwabe.de\/pl\/wp-json\/wp\/v2\/pages\/3523","targetHints":{"allow":["GET"]}}],"collection":[{"href":"https:\/\/as-schwabe.de\/pl\/wp-json\/wp\/v2\/pages"}],"about":[{"href":"https:\/\/as-schwabe.de\/pl\/wp-json\/wp\/v2\/types\/page"}],"author":[{"embeddable":true,"href":"https:\/\/as-schwabe.de\/pl\/wp-json\/wp\/v2\/users\/1"}],"replies":[{"embeddable":true,"href":"https:\/\/as-schwabe.de\/pl\/wp-json\/wp\/v2\/comments?post=3523"}],"version-history":[{"count":0,"href":"https:\/\/as-schwabe.de\/pl\/wp-json\/wp\/v2\/pages\/3523\/revisions"}],"up":[{"embeddable":true,"href":"https:\/\/as-schwabe.de\/pl\/wp-json\/wp\/v2\/pages\/3511"}],"wp:attachment":[{"href":"https:\/\/as-schwabe.de\/pl\/wp-json\/wp\/v2\/media?parent=3523"}],"curies":[{"name":"wp","href":"https:\/\/api.w.org\/{rel}","templated":true}]}}